{"id":8,"date":"2020-09-06T06:25:07","date_gmt":"2020-09-06T06:25:07","guid":{"rendered":"http:\/\/uepsanjudastadeo.org\/?page_id=8"},"modified":"2021-10-04T01:08:40","modified_gmt":"2021-10-04T05:08:40","slug":"contact","status":"publish","type":"page","link":"https:\/\/uepsanjudastadeo.org\/index.php\/contact\/","title":{"rendered":"Personal Directivo"},"content":{"rendered":"\n<div class=\"wp-block-columns\">\n<div class=\"wp-block-column\">\n<div class=\"wp-block-columns\">\n<div class=\"wp-block-column\">\n<div class=\"wp-block-columns\">\n<div class=\"wp-block-column\">\n<div class=\"wp-block-image\"><figure class=\"aligncenter size-full\"><img loading=\"lazy\" width=\"282\" height=\"423\" src=\"http:\/\/uepsanjudastadeo.org\/wp-content\/uploads\/2020\/09\/20200912_111439_director.jpg\" alt=\"\" class=\"wp-image-300\" srcset=\"https:\/\/uepsanjudastadeo.org\/wp-content\/uploads\/2020\/09\/20200912_111439_director.jpg 282w, https:\/\/uepsanjudastadeo.org\/wp-content\/uploads\/2020\/09\/20200912_111439_director-200x300.jpg 200w\" sizes=\"(max-width: 282px) 100vw, 282px\" \/><\/figure><\/div>\n\n\n\n<p class=\"has-text-align-center\"> Lcdo. Am\u00e9rico Mar\u00edn.<br><strong>Director<\/strong> <\/p>\n<\/div>\n\n\n\n<div class=\"wp-block-column\">\n<div class=\"wp-block-image is-style-default\"><figure class=\"aligncenter size-full is-resized\"><img loading=\"lazy\" src=\"http:\/\/uepsanjudastadeo.org\/wp-content\/uploads\/2020\/09\/20200912_115107_Angela-Castellano-Subdirectora_Academica_Primaria.jpg\" alt=\"\" class=\"wp-image-303\" width=\"266\" height=\"374\" srcset=\"https:\/\/uepsanjudastadeo.org\/wp-content\/uploads\/2020\/09\/20200912_115107_Angela-Castellano-Subdirectora_Academica_Primaria.jpg 282w, https:\/\/uepsanjudastadeo.org\/wp-content\/uploads\/2020\/09\/20200912_115107_Angela-Castellano-Subdirectora_Academica_Primaria-214x300.jpg 214w\" sizes=\"(max-width: 266px) 100vw, 266px\" \/><\/figure><\/div>\n\n\n\n<p class=\"has-text-align-center\"> Lcda. Angela Castellano.<br><strong>Subdirectora Acad\u00e9mica<\/strong> <strong>Primaria<\/strong> <\/p>\n<\/div>\n\n\n\n<div class=\"wp-block-column\">\n<div class=\"wp-block-image\"><figure class=\"aligncenter size-full\"><img loading=\"lazy\" width=\"282\" height=\"419\" src=\"http:\/\/uepsanjudastadeo.org\/wp-content\/uploads\/2020\/09\/20200912_111305-Subdirectora-Educacion-Secundaria.jpg\" alt=\"\" class=\"wp-image-299\" srcset=\"https:\/\/uepsanjudastadeo.org\/wp-content\/uploads\/2020\/09\/20200912_111305-Subdirectora-Educacion-Secundaria.jpg 282w, https:\/\/uepsanjudastadeo.org\/wp-content\/uploads\/2020\/09\/20200912_111305-Subdirectora-Educacion-Secundaria-202x300.jpg 202w\" sizes=\"(max-width: 282px) 100vw, 282px\" \/><\/figure><\/div>\n\n\n\n<p class=\"has-text-align-center\"> Lcda. Raulimar Villasmil.<br><strong>Subdirectora Educaci\u00f3n Media General<\/strong> <\/p>\n<\/div>\n<\/div>\n<\/div>\n<\/div>\n<\/div>\n<\/div>\n\n\n\n<div class=\"wp-block-columns\">\n<div class=\"wp-block-column\">\n<div class=\"wp-block-columns\">\n<div class=\"wp-block-column\">\n<div class=\"wp-block-image\"><figure class=\"aligncenter size-full\"><img loading=\"lazy\" width=\"282\" height=\"424\" src=\"http:\/\/uepsanjudastadeo.org\/wp-content\/uploads\/2020\/09\/20200912_114420-Control-y-Evaluacion.jpg\" alt=\"\" class=\"wp-image-302\" srcset=\"https:\/\/uepsanjudastadeo.org\/wp-content\/uploads\/2020\/09\/20200912_114420-Control-y-Evaluacion.jpg 282w, https:\/\/uepsanjudastadeo.org\/wp-content\/uploads\/2020\/09\/20200912_114420-Control-y-Evaluacion-200x300.jpg 200w\" sizes=\"(max-width: 282px) 100vw, 282px\" \/><\/figure><\/div>\n\n\n\n<p class=\"has-text-align-center\"> Lcda. Luisana Finol.<br><strong>Control y Evaluaci\u00f3n<\/strong> <\/p>\n<\/div>\n\n\n\n<div class=\"wp-block-column\">\n<div class=\"wp-block-image\"><figure class=\"aligncenter size-full\"><img loading=\"lazy\" width=\"282\" height=\"401\" src=\"http:\/\/uepsanjudastadeo.org\/wp-content\/uploads\/2020\/09\/20200912_115900-Departamento-RRHH.jpg\" alt=\"\" class=\"wp-image-308\" srcset=\"https:\/\/uepsanjudastadeo.org\/wp-content\/uploads\/2020\/09\/20200912_115900-Departamento-RRHH.jpg 282w, https:\/\/uepsanjudastadeo.org\/wp-content\/uploads\/2020\/09\/20200912_115900-Departamento-RRHH-211x300.jpg 211w\" sizes=\"(max-width: 282px) 100vw, 282px\" \/><\/figure><\/div>\n\n\n\n<p class=\"has-text-align-center\"> Esp. Thais Conde<br><strong>Departamento RRHH<\/strong> <\/p>\n<\/div>\n\n\n\n<div class=\"wp-block-column\">\n<div class=\"wp-block-image\"><figure class=\"aligncenter\"><img alt=\"\"\/><\/figure><\/div>\n<\/div>\n<\/div>\n<\/div>\n<\/div>\n\n\n\n<h2>Coordinadores<\/h2>\n\n\n\n<div class=\"wp-block-columns\">\n<div class=\"wp-block-column\">\n<div class=\"wp-block-columns\">\n<div class=\"wp-block-column\">\n<div class=\"wp-block-image\"><figure class=\"aligncenter size-full\"><img loading=\"lazy\" width=\"282\" height=\"440\" src=\"http:\/\/uepsanjudastadeo.org\/wp-content\/uploads\/2020\/09\/20200912_115448-Zuleta-de-Guerrero.jpg\" alt=\"\" class=\"wp-image-307\" srcset=\"https:\/\/uepsanjudastadeo.org\/wp-content\/uploads\/2020\/09\/20200912_115448-Zuleta-de-Guerrero.jpg 282w, https:\/\/uepsanjudastadeo.org\/wp-content\/uploads\/2020\/09\/20200912_115448-Zuleta-de-Guerrero-192x300.jpg 192w\" sizes=\"(max-width: 282px) 100vw, 282px\" \/><\/figure><\/div>\n\n\n\n<p class=\"has-text-align-center\"> Lcda. Elizabeth Zuleta de Guerrero<br><strong>Educaci\u00f3n Inicial<\/strong> <\/p>\n<\/div>\n\n\n\n<div class=\"wp-block-column\">\n<div class=\"wp-block-image\"><figure class=\"aligncenter size-full\"><img loading=\"lazy\" width=\"282\" height=\"430\" src=\"http:\/\/uepsanjudastadeo.org\/wp-content\/uploads\/2020\/09\/20200912_115359-Maria-Pulido.jpg\" alt=\"\" class=\"wp-image-306\" srcset=\"https:\/\/uepsanjudastadeo.org\/wp-content\/uploads\/2020\/09\/20200912_115359-Maria-Pulido.jpg 282w, https:\/\/uepsanjudastadeo.org\/wp-content\/uploads\/2020\/09\/20200912_115359-Maria-Pulido-197x300.jpg 197w\" sizes=\"(max-width: 282px) 100vw, 282px\" \/><\/figure><\/div>\n\n\n\n<p class=\"has-text-align-center\"> Lcda. Mar\u00eda Pulido<br><strong>Educaci\u00f3n Inicial<\/strong> <\/p>\n<\/div>\n\n\n\n<div class=\"wp-block-column\"><\/div>\n<\/div>\n<\/div>\n<\/div>\n\n\n\n<div class=\"wp-block-columns\">\n<div class=\"wp-block-column\">\n<div class=\"wp-block-columns\">\n<div class=\"wp-block-column\">\n<div class=\"wp-block-image\"><figure class=\"aligncenter size-full\"><img loading=\"lazy\" width=\"282\" height=\"405\" src=\"http:\/\/uepsanjudastadeo.org\/wp-content\/uploads\/2020\/09\/20200912_115150-Anais-Bracho.jpg\" alt=\"\" class=\"wp-image-304\" srcset=\"https:\/\/uepsanjudastadeo.org\/wp-content\/uploads\/2020\/09\/20200912_115150-Anais-Bracho.jpg 282w, https:\/\/uepsanjudastadeo.org\/wp-content\/uploads\/2020\/09\/20200912_115150-Anais-Bracho-209x300.jpg 209w\" sizes=\"(max-width: 282px) 100vw, 282px\" \/><\/figure><\/div>\n\n\n\n<p class=\"has-text-align-center\"> Lcda. Ana\u00eds Bracho<br><strong><strong>Educaci\u00f3n<\/strong><\/strong> <strong>Primaria<\/strong> <\/p>\n<\/div>\n\n\n\n<div class=\"wp-block-column\">\n<div class=\"wp-block-image\"><figure class=\"aligncenter size-full\"><img loading=\"lazy\" width=\"282\" height=\"426\" src=\"http:\/\/uepsanjudastadeo.org\/wp-content\/uploads\/2020\/09\/20200912_115230-Milagros-de-Navas.jpg\" alt=\"\" class=\"wp-image-305\" srcset=\"https:\/\/uepsanjudastadeo.org\/wp-content\/uploads\/2020\/09\/20200912_115230-Milagros-de-Navas.jpg 282w, https:\/\/uepsanjudastadeo.org\/wp-content\/uploads\/2020\/09\/20200912_115230-Milagros-de-Navas-199x300.jpg 199w\" sizes=\"(max-width: 282px) 100vw, 282px\" \/><\/figure><\/div>\n\n\n\n<p class=\"has-text-align-center\"> Lcda. Milagros de Navas<br><strong><strong>Educaci\u00f3n<\/strong><\/strong> <strong>Primaria<\/strong> <\/p>\n<\/div>\n\n\n\n<div class=\"wp-block-column\"><\/div>\n<\/div>\n<\/div>\n<\/div>\n\n\n\n<div class=\"wp-block-columns\">\n<div class=\"wp-block-column\">\n<div class=\"wp-block-columns\">\n<div class=\"wp-block-column\">\n<div class=\"wp-block-image\"><figure class=\"aligncenter size-full\"><img loading=\"lazy\" width=\"282\" height=\"423\" src=\"http:\/\/uepsanjudastadeo.org\/wp-content\/uploads\/2020\/09\/20200912_111627-Ricardo-Gonzalez.jpg\" alt=\"\" class=\"wp-image-301\" srcset=\"https:\/\/uepsanjudastadeo.org\/wp-content\/uploads\/2020\/09\/20200912_111627-Ricardo-Gonzalez.jpg 282w, https:\/\/uepsanjudastadeo.org\/wp-content\/uploads\/2020\/09\/20200912_111627-Ricardo-Gonzalez-200x300.jpg 200w\" sizes=\"(max-width: 282px) 100vw, 282px\" \/><\/figure><\/div>\n\n\n\n<p class=\"has-text-align-center\"> Lcdo. Ricardo Gonz\u00e1lez<br><strong>Educaci\u00f3n Media General<\/strong> <\/p>\n<\/div>\n\n\n\n<div class=\"wp-block-column\"><\/div>\n\n\n\n<div class=\"wp-block-column\"><\/div>\n<\/div>\n<\/div>\n<\/div>\n","protected":false},"excerpt":{"rendered":"<p>Lcdo. Am\u00e9rico Mar\u00edn.Director Lcda. Angela Castellano.Subdirectora Acad\u00e9mica Primaria Lcda. Raulimar Villasmil.Subdirectora Educaci\u00f3n Media General Lcda. Luisana Finol.Control y Evaluaci\u00f3n Esp. Thais CondeDepartamento RRHH Coordinadores Lcda. Elizabeth Zuleta de GuerreroEducaci\u00f3n Inicial &hellip;<\/p>\n<p class=\"read-more\"> <a class=\"\" href=\"https:\/\/uepsanjudastadeo.org\/index.php\/contact\/\"> <span class=\"screen-reader-text\">Personal Directivo<\/span> Leer m\u00e1s &raquo;<\/a><\/p>\n","protected":false},"author":1,"featured_media":0,"parent":0,"menu_order":0,"comment_status":"closed","ping_status":"closed","template":"","meta":{"_EventAllDay":false,"_EventTimezone":"","_EventStartDate":"","_EventEndDate":"","_EventStartDateUTC":"","_EventEndDateUTC":"","_EventShowMap":false,"_EventShowMapLink":false,"_EventURL":"","_EventCost":"","_EventCostDescription":"","_EventCurrencySymbol":"","_EventCurrencyPosition":"","_EventDateTimeSeparator":"","_EventTimeRangeSeparator":"","_EventOrganizerID":[],"_EventVenueID":0,"_OrganizerEmail":"","_OrganizerPhone":"","_OrganizerWebsite":"","_VenueAddress":"","_VenueCity":"","_VenueCountry":"","_VenueProvince":"","_VenueZip":"","_VenuePhone":"","_VenueURL":"","_VenueStateProvince":"","_VenueLat":"","_VenueLng":""},"_links":{"self":[{"href":"https:\/\/uepsanjudastadeo.org\/index.php\/wp-json\/wp\/v2\/pages\/8"}],"collection":[{"href":"https:\/\/uepsanjudastadeo.org\/index.php\/wp-json\/wp\/v2\/pages"}],"about":[{"href":"https:\/\/uepsanjudastadeo.org\/index.php\/wp-json\/wp\/v2\/types\/page"}],"author":[{"embeddable":true,"href":"https:\/\/uepsanjudastadeo.org\/index.php\/wp-json\/wp\/v2\/users\/1"}],"replies":[{"embeddable":true,"href":"https:\/\/uepsanjudastadeo.org\/index.php\/wp-json\/wp\/v2\/comments?post=8"}],"version-history":[{"count":35,"href":"https:\/\/uepsanjudastadeo.org\/index.php\/wp-json\/wp\/v2\/pages\/8\/revisions"}],"predecessor-version":[{"id":1166,"href":"https:\/\/uepsanjudastadeo.org\/index.php\/wp-json\/wp\/v2\/pages\/8\/revisions\/1166"}],"wp:attachment":[{"href":"https:\/\/uepsanjudastadeo.org\/index.php\/wp-json\/wp\/v2\/media?parent=8"}],"curies":[{"name":"wp","href":"https:\/\/api.w.org\/{rel}","templated":true}]}}